{"id":10187,"date":"2025-11-10T09:40:20","date_gmt":"2025-11-10T09:40:20","guid":{"rendered":"https:\/\/www.fsegura.com\/empleo\/key-account-manager-speaking-german\/"},"modified":"2026-02-09T08:24:54","modified_gmt":"2026-02-09T08:24:54","slug":"key-account-manager-nemet-piac","status":"publish","type":"empleos","link":"https:\/\/www.fsegura.com\/hu\/empleo\/key-account-manager-nemet-piac\/","title":{"rendered":"Key Account Manager \u2013 N\u00e9met piac"},"content":{"rendered":"\n<h2 class=\"wp-block-heading\"><strong>\u00c1lland\u00f3 munkat\u00e1rsat keres\u00fcnk Key Account Manager poz\u00edci\u00f3ba, a n\u00e9met piacra.<\/strong><\/h2>\n\n\n\n<p><\/p>\n\n\n\n<h3 class=\"wp-block-heading\">Feladatk\u00f6r<\/h3>\n\n\n\n<p>Az \u00d6n felel\u0151ss\u00e9ge lesz az \u00faj \u00fczleti lehet\u0151s\u00e9gek biztos\u00edt\u00e1sa az \u00fcgyfelekkel, valamint a jelenlegi \u00fczleti tev\u00e9kenys\u00e9g j\u00f6vedelmez\u0151s\u00e9g\u00e9nek n\u00f6vel\u00e9se.<\/p>\n\n\n\n<h3 class=\"wp-block-heading\">F\u0151bb feladatok \u00e9s felel\u0151ss\u00e9gek<\/h3>\n\n\n\n<ul class=\"wp-block-list\">\n<li>Kereskedelmi aj\u00e1nlatok k\u00e9sz\u00edt\u00e9se \u00e9s bemutat\u00e1sa a k\u00f6lts\u00e9gbecsl\u00e9si oszt\u00e1ly adatai alapj\u00e1n; az aj\u00e1nlati felt\u00e9telek (\u00e1rak, fizet\u00e9si m\u00f3dok, sz\u00e1ll\u00edt\u00e1s stb.) t\u00e1rgyal\u00e1sa az \u00fcgyf\u00e9llel az \u00fczleti volumen, a j\u00f6vedelmez\u0151s\u00e9g \u00e9s a hossz\u00fa t\u00e1v\u00fa \u00fcgyf\u00e9lkapcsolatok er\u0151s\u00edt\u00e9se \u00e9rdek\u00e9ben.<\/li>\n\n\n\n<li>\u00dcgyf\u00e9lkapcsolatok fejleszt\u00e9se az ig\u00e9nyek elemz\u00e9se \u00e9s kezel\u00e9se c\u00e9lj\u00e1b\u00f3l; \u00faj projektek n\u00e9pszer\u0171s\u00edt\u00e9se, valamint piac- \u00e9s versenyt\u00e1rs-elemz\u00e9s a legjobb megold\u00e1sok javaslata \u00e9rdek\u00e9ben.<\/li>\n\n\n\n<li>R\u00e9szv\u00e9tel az alkatr\u00e9szek k\u00f6lts\u00e9g- \u00e9s j\u00f6vedelmez\u0151s\u00e9g-ellen\u0151rz\u00e9si folyamat\u00e1ban, a bev\u00e9teli oldal optimaliz\u00e1l\u00e1s\u00e1val.<\/li>\n\n\n\n<li>A ter\u00fclet-specifikus mutat\u00f3k (dashboards) nyomon k\u00f6vet\u00e9se; korrekci\u00f3s int\u00e9zked\u00e9sek tervez\u00e9se \u00e9s v\u00e9grehajt\u00e1sa a c\u00e9lok elmarad\u00e1sa eset\u00e9n.<\/li>\n\n\n\n<li>Az \u00fcgyf\u00e9l-el\u00e9gedetts\u00e9g monitoroz\u00e1sa \u00e9s jav\u00edt\u00f3 int\u00e9zked\u00e9sek javaslata a saj\u00e1t ter\u00fclet\u00e9n bel\u00fcl.<\/li>\n\n\n\n<li>J\u00f6vedelmez\u0151s\u00e9g-jav\u00edt\u00f3 int\u00e9zked\u00e9sek bevezet\u00e9se az \u00fcgyfelekkel \u00e9s bels\u0151leg; sz\u00e1ml\u00e1z\u00e1si el\u0151rejelz\u00e9sek kezel\u00e9se. Rendel\u00e9sek r\u00f6gz\u00edt\u00e9se SAP rendszerben, jelent\u00e9sek k\u00e9sz\u00edt\u00e9se Excel \u00e9s Power BI szoftverekkel.<\/li>\n<\/ul>\n\n\n\n<h3 class=\"wp-block-heading\">Elv\u00e1r\u00e1sok<\/h3>\n\n\n\n<p>A p\u00e1ly\u00e1zat elb\u00edr\u00e1l\u00e1s\u00e1hoz az al\u00e1bbiak elengedhetetlenek:<\/p>\n\n\n\n<ul class=\"wp-block-list\">\n<li><strong>V\u00e9gzetts\u00e9g:<\/strong> M\u0171szaki vagy m\u00e9rn\u00f6ki fels\u0151fok\u00fa v\u00e9gzetts\u00e9g (el\u0151nyben r\u00e9szes\u00edtve), de gazdas\u00e1gi (gazd\u00e1lkod\u00e1si \u00e9s menedzsment) v\u00e9gzetts\u00e9get is m\u00e9rlegel\u00fcnk.<\/li>\n\n\n\n<li>Marketing \u00e9s \u00e9rt\u00e9kes\u00edt\u00e9s ter\u00fclet\u00e9n szerzett szakir\u00e1ny\u00fa tov\u00e1bbk\u00e9pz\u00e9s el\u0151nyt jelent.<\/li>\n\n\n\n<li><strong>Nyelvtud\u00e1s:<\/strong> Fels\u0151fok\u00fa angol \u00e9s n\u00e9met nyelvtud\u00e1s.<\/li>\n\n\n\n<li>Minimum <strong>3\u20135 \u00e9v tapasztalat<\/strong> aut\u00f3ipari projekt\u00e9rt\u00e9kes\u00edt\u00e9sben.<\/li>\n\n\n\n<li>Aut\u00f3ipari vagy hasonl\u00f3 ter\u00fcleten szerzett projektmenedzsment tapasztalatot \u00e9rt\u00e9kel\u00fcnk.<\/li>\n<\/ul>\n\n\n\n<h3 class=\"wp-block-heading\">Amit k\u00edn\u00e1lunk<\/h3>\n\n\n\n<ul class=\"wp-block-list\">\n<li>Lehet\u0151s\u00e9g egy folyamatosan n\u00f6vekv\u0151 projekthez val\u00f3 csatlakoz\u00e1sra, szakmai fejl\u0151d\u00e9si lehet\u0151s\u00e9g \u00e9s r\u00e9szv\u00e9tel a Csoport nemzetk\u00f6zi projektjeiben.<\/li>\n\n\n\n<li>Rugalmas juttat\u00e1si csomag (eg\u00e9szs\u00e9gbiztos\u00edt\u00e1s, \u00e9tkez\u00e9si utalv\u00e1ny \u00e9s gyermekgondoz\u00e1si t\u00e1mogat\u00e1s).<\/li>\n\n\n\n<li><strong>Munkaid\u0151:<\/strong> H\u00e9tf\u0151t\u0151l cs\u00fct\u00f6rt\u00f6kig 7:30-t\u00f3l 16:30-ig (rugalmas kezd\u00e9ssel), p\u00e9nteken 7:30-t\u00f3l 14:00-ig.<\/li>\n\n\n\n<li>Versenyk\u00e9pes fizet\u00e9s, a jel\u00f6lt profilj\u00e1t\u00f3l f\u00fcgg\u0151en megegyez\u00e9s szerint.<\/li>\n<\/ul>\n\n\n\n<p>Ha \u00d6n probl\u00e9mamegold\u00f3 k\u00e9pess\u00e9ggel rendelkez\u0151 vezet\u0151nek tartja mag\u00e1t, \u00e9s mindenekel\u0151tt szenved\u00e9lyesen szereti a munk\u00e1j\u00e1t, csatlakozzon csapatunkhoz!<\/p>\n\n\n\n<p><em>A Grupo Segura \u00e9rt\u00e9kei k\u00f6z\u00e9 tartozik az es\u00e9lyegyenl\u0151s\u00e9g. Elk\u00f6telezettek vagyunk a legjobb tehets\u00e9gek felv\u00e9tele mellett, f\u00fcggetlen\u00fcl fajt\u00f3l, vall\u00e1st\u00f3l, nemt\u0151l, kort\u00f3l vagy fogyat\u00e9koss\u00e1gt\u00f3l, \u00e9s t\u00e1mogatjuk szakmai \u00e9s szem\u00e9lyes fejl\u0151d\u00e9s\u00fcket.<\/em><\/p>\n","protected":false},"excerpt":{"rendered":"<p>\u00c1lland\u00f3 munkat\u00e1rsat keres\u00fcnk Key Account Manager poz\u00edci\u00f3ba, a n\u00e9met piacra. Feladatk\u00f6r Az \u00d6n felel\u0151ss\u00e9ge lesz az \u00faj \u00fczleti lehet\u0151s\u00e9gek biztos\u00edt\u00e1sa az \u00fcgyfelekkel, valamint a jelenlegi \u00fczleti tev\u00e9kenys\u00e9g j\u00f6vedelmez\u0151s\u00e9g\u00e9nek n\u00f6vel\u00e9se. F\u0151bb feladatok \u00e9s felel\u0151ss\u00e9gek Elv\u00e1r\u00e1sok A p\u00e1ly\u00e1zat elb\u00edr\u00e1l\u00e1s\u00e1hoz az al\u00e1bbiak elengedhetetlenek: Amit k\u00edn\u00e1lunk Ha \u00d6n probl\u00e9mamegold\u00f3 k\u00e9pess\u00e9ggel rendelkez\u0151 vezet\u0151nek tartja mag\u00e1t, \u00e9s mindenekel\u0151tt szenved\u00e9lyesen szereti a [&hellip;]<\/p>\n","protected":false},"featured_media":0,"parent":0,"template":"","meta":{"_acf_changed":false,"_eb_attr":"","footnotes":""},"class_list":["post-10187","empleos","type-empleos","status-publish","hentry"],"acf":[],"yoast_head":"<!-- This site is optimized with the Yoast SEO plugin v27.4 - https:\/\/yoast.com\/product\/yoast-seo-wordpress\/ -->\n<title>Key Account Manager \u2013 N\u00e9met piac - Grupo Segura<\/title>\n<meta name=\"robots\" content=\"index, follow, max-snippet:-1, max-image-preview:large, max-video-preview:-1\" \/>\n<link rel=\"canonical\" href=\"https:\/\/www.fsegura.com\/hu\/empleo\/key-account-manager-nemet-piac\/\" \/>\n<meta property=\"og:locale\" content=\"hu_HU\" \/>\n<meta property=\"og:type\" content=\"article\" \/>\n<meta property=\"og:title\" content=\"Key Account Manager \u2013 N\u00e9met piac - Grupo Segura\" \/>\n<meta property=\"og:description\" content=\"\u00c1lland\u00f3 munkat\u00e1rsat keres\u00fcnk Key Account Manager poz\u00edci\u00f3ba, a n\u00e9met piacra. Feladatk\u00f6r Az \u00d6n felel\u0151ss\u00e9ge lesz az \u00faj \u00fczleti lehet\u0151s\u00e9gek biztos\u00edt\u00e1sa az \u00fcgyfelekkel, valamint a jelenlegi \u00fczleti tev\u00e9kenys\u00e9g j\u00f6vedelmez\u0151s\u00e9g\u00e9nek n\u00f6vel\u00e9se. F\u0151bb feladatok \u00e9s felel\u0151ss\u00e9gek Elv\u00e1r\u00e1sok A p\u00e1ly\u00e1zat elb\u00edr\u00e1l\u00e1s\u00e1hoz az al\u00e1bbiak elengedhetetlenek: Amit k\u00edn\u00e1lunk Ha \u00d6n probl\u00e9mamegold\u00f3 k\u00e9pess\u00e9ggel rendelkez\u0151 vezet\u0151nek tartja mag\u00e1t, \u00e9s mindenekel\u0151tt szenved\u00e9lyesen szereti a [&hellip;]\" \/>\n<meta property=\"og:url\" content=\"https:\/\/www.fsegura.com\/hu\/empleo\/key-account-manager-nemet-piac\/\" \/>\n<meta property=\"og:site_name\" content=\"Grupo Segura\" \/>\n<meta property=\"article:modified_time\" content=\"2026-02-09T08:24:54+00:00\" \/>\n<meta name=\"twitter:card\" content=\"summary_large_image\" \/>\n<meta name=\"twitter:label1\" content=\"Becs\u00fclt olvas\u00e1si id\u0151\" \/>\n\t<meta name=\"twitter:data1\" content=\"2 perc\" \/>\n<script type=\"application\/ld+json\" class=\"yoast-schema-graph\">{\"@context\":\"https:\\\/\\\/schema.org\",\"@graph\":[{\"@type\":\"WebPage\",\"@id\":\"https:\\\/\\\/www.fsegura.com\\\/hu\\\/empleo\\\/key-account-manager-nemet-piac\\\/\",\"url\":\"https:\\\/\\\/www.fsegura.com\\\/hu\\\/empleo\\\/key-account-manager-nemet-piac\\\/\",\"name\":\"Key Account Manager \u2013 N\u00e9met piac - Grupo Segura\",\"isPartOf\":{\"@id\":\"https:\\\/\\\/www.fsegura.com\\\/hu\\\/#website\"},\"datePublished\":\"2025-11-10T09:40:20+00:00\",\"dateModified\":\"2026-02-09T08:24:54+00:00\",\"breadcrumb\":{\"@id\":\"https:\\\/\\\/www.fsegura.com\\\/hu\\\/empleo\\\/key-account-manager-nemet-piac\\\/#breadcrumb\"},\"inLanguage\":\"hu\",\"potentialAction\":[{\"@type\":\"ReadAction\",\"target\":[\"https:\\\/\\\/www.fsegura.com\\\/hu\\\/empleo\\\/key-account-manager-nemet-piac\\\/\"]}]},{\"@type\":\"BreadcrumbList\",\"@id\":\"https:\\\/\\\/www.fsegura.com\\\/hu\\\/empleo\\\/key-account-manager-nemet-piac\\\/#breadcrumb\",\"itemListElement\":[{\"@type\":\"ListItem\",\"position\":1,\"name\":\"Portada\",\"item\":\"https:\\\/\\\/www.fsegura.com\\\/hu\\\/\"},{\"@type\":\"ListItem\",\"position\":2,\"name\":\"Empleos\",\"item\":\"https:\\\/\\\/www.fsegura.com\\\/hu\\\/empleo\\\/\"},{\"@type\":\"ListItem\",\"position\":3,\"name\":\"Key Account Manager \u2013 N\u00e9met piac\"}]},{\"@type\":\"WebSite\",\"@id\":\"https:\\\/\\\/www.fsegura.com\\\/hu\\\/#website\",\"url\":\"https:\\\/\\\/www.fsegura.com\\\/hu\\\/\",\"name\":\"Grupo Segura\",\"description\":\"Partner global para componentes de la automoci\u00f3n\",\"publisher\":{\"@id\":\"https:\\\/\\\/www.fsegura.com\\\/hu\\\/#organization\"},\"potentialAction\":[{\"@type\":\"SearchAction\",\"target\":{\"@type\":\"EntryPoint\",\"urlTemplate\":\"https:\\\/\\\/www.fsegura.com\\\/hu\\\/?s={search_term_string}\"},\"query-input\":{\"@type\":\"PropertyValueSpecification\",\"valueRequired\":true,\"valueName\":\"search_term_string\"}}],\"inLanguage\":\"hu\"},{\"@type\":\"Organization\",\"@id\":\"https:\\\/\\\/www.fsegura.com\\\/hu\\\/#organization\",\"name\":\"Grupo Segura\",\"url\":\"https:\\\/\\\/www.fsegura.com\\\/hu\\\/\",\"logo\":{\"@type\":\"ImageObject\",\"inLanguage\":\"hu\",\"@id\":\"https:\\\/\\\/www.fsegura.com\\\/hu\\\/#\\\/schema\\\/logo\\\/image\\\/\",\"url\":\"https:\\\/\\\/www.fsegura.com\\\/wp-content\\\/uploads\\\/2025\\\/09\\\/grupo-segura.jpg\",\"contentUrl\":\"https:\\\/\\\/www.fsegura.com\\\/wp-content\\\/uploads\\\/2025\\\/09\\\/grupo-segura.jpg\",\"width\":458,\"height\":136,\"caption\":\"Grupo Segura\"},\"image\":{\"@id\":\"https:\\\/\\\/www.fsegura.com\\\/hu\\\/#\\\/schema\\\/logo\\\/image\\\/\"}}]}<\/script>\n<!-- \/ Yoast SEO plugin. -->","yoast_head_json":{"title":"Key Account Manager \u2013 N\u00e9met piac - Grupo Segura","robots":{"index":"index","follow":"follow","max-snippet":"max-snippet:-1","max-image-preview":"max-image-preview:large","max-video-preview":"max-video-preview:-1"},"canonical":"https:\/\/www.fsegura.com\/hu\/empleo\/key-account-manager-nemet-piac\/","og_locale":"hu_HU","og_type":"article","og_title":"Key Account Manager \u2013 N\u00e9met piac - Grupo Segura","og_description":"\u00c1lland\u00f3 munkat\u00e1rsat keres\u00fcnk Key Account Manager poz\u00edci\u00f3ba, a n\u00e9met piacra. Feladatk\u00f6r Az \u00d6n felel\u0151ss\u00e9ge lesz az \u00faj \u00fczleti lehet\u0151s\u00e9gek biztos\u00edt\u00e1sa az \u00fcgyfelekkel, valamint a jelenlegi \u00fczleti tev\u00e9kenys\u00e9g j\u00f6vedelmez\u0151s\u00e9g\u00e9nek n\u00f6vel\u00e9se. F\u0151bb feladatok \u00e9s felel\u0151ss\u00e9gek Elv\u00e1r\u00e1sok A p\u00e1ly\u00e1zat elb\u00edr\u00e1l\u00e1s\u00e1hoz az al\u00e1bbiak elengedhetetlenek: Amit k\u00edn\u00e1lunk Ha \u00d6n probl\u00e9mamegold\u00f3 k\u00e9pess\u00e9ggel rendelkez\u0151 vezet\u0151nek tartja mag\u00e1t, \u00e9s mindenekel\u0151tt szenved\u00e9lyesen szereti a [&hellip;]","og_url":"https:\/\/www.fsegura.com\/hu\/empleo\/key-account-manager-nemet-piac\/","og_site_name":"Grupo Segura","article_modified_time":"2026-02-09T08:24:54+00:00","twitter_card":"summary_large_image","twitter_misc":{"Becs\u00fclt olvas\u00e1si id\u0151":"2 perc"},"schema":{"@context":"https:\/\/schema.org","@graph":[{"@type":"WebPage","@id":"https:\/\/www.fsegura.com\/hu\/empleo\/key-account-manager-nemet-piac\/","url":"https:\/\/www.fsegura.com\/hu\/empleo\/key-account-manager-nemet-piac\/","name":"Key Account Manager \u2013 N\u00e9met piac - Grupo Segura","isPartOf":{"@id":"https:\/\/www.fsegura.com\/hu\/#website"},"datePublished":"2025-11-10T09:40:20+00:00","dateModified":"2026-02-09T08:24:54+00:00","breadcrumb":{"@id":"https:\/\/www.fsegura.com\/hu\/empleo\/key-account-manager-nemet-piac\/#breadcrumb"},"inLanguage":"hu","potentialAction":[{"@type":"ReadAction","target":["https:\/\/www.fsegura.com\/hu\/empleo\/key-account-manager-nemet-piac\/"]}]},{"@type":"BreadcrumbList","@id":"https:\/\/www.fsegura.com\/hu\/empleo\/key-account-manager-nemet-piac\/#breadcrumb","itemListElement":[{"@type":"ListItem","position":1,"name":"Portada","item":"https:\/\/www.fsegura.com\/hu\/"},{"@type":"ListItem","position":2,"name":"Empleos","item":"https:\/\/www.fsegura.com\/hu\/empleo\/"},{"@type":"ListItem","position":3,"name":"Key Account Manager \u2013 N\u00e9met piac"}]},{"@type":"WebSite","@id":"https:\/\/www.fsegura.com\/hu\/#website","url":"https:\/\/www.fsegura.com\/hu\/","name":"Grupo Segura","description":"Partner global para componentes de la automoci\u00f3n","publisher":{"@id":"https:\/\/www.fsegura.com\/hu\/#organization"},"potentialAction":[{"@type":"SearchAction","target":{"@type":"EntryPoint","urlTemplate":"https:\/\/www.fsegura.com\/hu\/?s={search_term_string}"},"query-input":{"@type":"PropertyValueSpecification","valueRequired":true,"valueName":"search_term_string"}}],"inLanguage":"hu"},{"@type":"Organization","@id":"https:\/\/www.fsegura.com\/hu\/#organization","name":"Grupo Segura","url":"https:\/\/www.fsegura.com\/hu\/","logo":{"@type":"ImageObject","inLanguage":"hu","@id":"https:\/\/www.fsegura.com\/hu\/#\/schema\/logo\/image\/","url":"https:\/\/www.fsegura.com\/wp-content\/uploads\/2025\/09\/grupo-segura.jpg","contentUrl":"https:\/\/www.fsegura.com\/wp-content\/uploads\/2025\/09\/grupo-segura.jpg","width":458,"height":136,"caption":"Grupo Segura"},"image":{"@id":"https:\/\/www.fsegura.com\/hu\/#\/schema\/logo\/image\/"}}]}},"_links":{"self":[{"href":"https:\/\/www.fsegura.com\/hu\/wp-json\/wp\/v2\/empleo\/10187","targetHints":{"allow":["GET"]}}],"collection":[{"href":"https:\/\/www.fsegura.com\/hu\/wp-json\/wp\/v2\/empleo"}],"about":[{"href":"https:\/\/www.fsegura.com\/hu\/wp-json\/wp\/v2\/types\/empleos"}],"version-history":[{"count":0,"href":"https:\/\/www.fsegura.com\/hu\/wp-json\/wp\/v2\/empleo\/10187\/revisions"}],"wp:attachment":[{"href":"https:\/\/www.fsegura.com\/hu\/wp-json\/wp\/v2\/media?parent=10187"}],"curies":[{"name":"wp","href":"https:\/\/api.w.org\/{rel}","templated":true}]}}