{"id":10188,"date":"2025-11-10T11:55:34","date_gmt":"2025-11-10T11:55:34","guid":{"rendered":"https:\/\/www.fsegura.com\/empleo\/welding-industrialization-engineer\/"},"modified":"2026-02-09T08:41:13","modified_gmt":"2026-02-09T08:41:13","slug":"hegesztesi-iparositasi-mernok","status":"publish","type":"empleos","link":"https:\/\/www.fsegura.com\/hu\/empleo\/hegesztesi-iparositasi-mernok\/","title":{"rendered":"Hegeszt\u00e9si iparos\u00edt\u00e1si m\u00e9rn\u00f6k"},"content":{"rendered":"\n<p>\u00dajonnan l\u00e9trehozott poz\u00edci\u00f3t nyitunk <strong>Hegeszt\u00e9si Iparos\u00edt\u00e1si M\u00e9rn\u00f6k<\/strong> munkak\u00f6rben. A poz\u00edci\u00f3 f\u0151 c\u00e9lja az optim\u00e1lis iparos\u00edt\u00e1si javaslatok kidolgoz\u00e1sa, figyelembe v\u00e9ve a gy\u00e1rt\u00e1si \u00e9s kapacit\u00e1sbeli szempontokat, valamint a beruh\u00e1z\u00e1sok \u00e9s az amortiz\u00e1ci\u00f3 gazdas\u00e1gi \u00e9letk\u00e9pess\u00e9g\u00e9t.<\/p>\n\n\n\n<p>Alapvet\u0151 elv\u00e1r\u00e1s a folyamatok robusztuss\u00e1g\u00e1nak biztos\u00edt\u00e1sa a min\u0151s\u00e9g garant\u00e1l\u00e1sa \u00e9s az \u00fcgyf\u00e9lk\u00f6vetelm\u00e9nyek teljes\u00edt\u00e9se \u00e9rdek\u00e9ben. Emellett el\u0151nyt jelent a gy\u00e1rt\u00e1si rendszer rugalmass\u00e1ga, amely lehet\u0151v\u00e9 teszi a beruh\u00e1z\u00e1sok k\u00e9s\u0151bbi term\u00e9kekn\u00e9l vagy projektekn\u00e9l t\u00f6rt\u00e9n\u0151 \u00fajrahasznos\u00edt\u00e1s\u00e1t.<\/p>\n\n\n\n<h3 class=\"wp-block-heading\">F\u0151bb feladatok \u00e9s felel\u0151ss\u00e9gek<\/h3>\n\n\n\n<ul class=\"wp-block-list\">\n<li>Olyan gy\u00e1rt\u00e1si er\u0151forr\u00e1sok \u00e9s folyamatok meghat\u00e1roz\u00e1sa, amelyek min\u0151s\u00e9gi szempontb\u00f3l stabilak, a v\u00e1llalat sz\u00e1m\u00e1ra pedig nyeres\u00e9gesek.<\/li>\n\n\n\n<li>Az \u00faj folyamatok iparos\u00edt\u00e1s\u00e1nak vezet\u00e9se, a besz\u00e1ll\u00edt\u00f3k \u00e9s a bels\u0151 munkafolyamatok folyamatos nyomon k\u00f6vet\u00e9se.<\/li>\n\n\n\n<li>T\u00e1mogat\u00e1s olyan menedzsmenteszk\u00f6z\u00f6k l\u00e9trehoz\u00e1s\u00e1ban, amelyek gyors jelent\u00e9st\u00e9telt tesznek lehet\u0151v\u00e9 az egyes iparos\u00edt\u00e1si projektek c\u00e9lkit\u0171z\u00e9seinek teljes\u00fcl\u00e9s\u00e9r\u0151l.<\/li>\n\n\n\n<li>R\u00e9szv\u00e9tel a gy\u00e1rt\u00f3eszk\u00f6z-szabv\u00e1nyok kialak\u00edt\u00e1s\u00e1ban (programoz\u00e1s \u00e9s berendez\u00e9sek ter\u00e9n), a term\u00e9kt\u00edpust\u00f3l \u00e9s a gy\u00e1rt\u00e1si volument\u0151l f\u00fcgg\u0151en.<\/li>\n<\/ul>\n\n\n\n<h3 class=\"wp-block-heading\">Elv\u00e1r\u00e1sok<\/h3>\n\n\n\n<p>A p\u00e1ly\u00e1zat elb\u00edr\u00e1l\u00e1s\u00e1hoz az al\u00e1bbiak elengedhetetlenek:<\/p>\n\n\n\n<ul class=\"wp-block-list\">\n<li><strong>V\u00e9gzetts\u00e9g:<\/strong> Ipari m\u00e9rn\u00f6ki (f\u0151iskolai vagy egyetemi), ipari szervez\u0151m\u00e9rn\u00f6ki, automatiz\u00e1l\u00e1si vagy robotikai v\u00e9gzetts\u00e9g.<\/li>\n\n\n\n<li><strong>Nyelvtud\u00e1s:<\/strong> Magas szint\u0171, t\u00e1rgyal\u00f3k\u00e9pes angol nyelvtud\u00e1s (engedhetetlen); a n\u00e9met nyelv ismerete el\u0151nyt jelent.<\/li>\n\n\n\n<li><strong>Tapasztalat:<\/strong> Legal\u00e1bb 5 \u00e9v hasonl\u00f3 munkak\u00f6rben szerzett tapasztalat, aut\u00f3ipari integr\u00e1ci\u00f3s projektek vezet\u00e9s\u00e9ben.<\/li>\n\n\n\n<li><strong>K\u00e9szs\u00e9gek:<\/strong> Kiv\u00e1l\u00f3 kommunik\u00e1ci\u00f3s \u00e9s tervez\u00e9si k\u00e9szs\u00e9g, valamint multikultur\u00e1lis k\u00f6rnyezetben val\u00f3 munkav\u00e9gz\u00e9sre val\u00f3 nyitotts\u00e1g.<\/li>\n<\/ul>\n\n\n\n<h3 class=\"wp-block-heading\">Amit k\u00edn\u00e1lunk<\/h3>\n\n\n\n<ul class=\"wp-block-list\">\n<li>Lehet\u0151s\u00e9g egy folyamatosan n\u00f6vekv\u0151 projekthez val\u00f3 csatlakoz\u00e1sra, szakmai fejl\u0151d\u00e9si lehet\u0151s\u00e9g \u00e9s r\u00e9szv\u00e9tel a Csoport nemzetk\u00f6zi projektjeiben.<\/li>\n\n\n\n<li>Rugalmas juttat\u00e1si csomag (eg\u00e9szs\u00e9gbiztos\u00edt\u00e1s, \u00e9tkez\u00e9si utalv\u00e1ny \u00e9s gyermekgondoz\u00e1si t\u00e1mogat\u00e1s).<\/li>\n\n\n\n<li><strong>Munkaid\u0151:<\/strong> H\u00e9tf\u0151t\u0151l cs\u00fct\u00f6rt\u00f6kig 7:30-t\u00f3l 16:30-ig (rugalmas kezd\u00e9ssel), p\u00e9nteken 7:30-t\u00f3l 14:00-ig.<\/li>\n\n\n\n<li>Versenyk\u00e9pes fizet\u00e9s, a jel\u00f6lt tapasztalat\u00e1t\u00f3l \u00e9s szaktud\u00e1s\u00e1t\u00f3l f\u00fcgg\u0151en.<\/li>\n<\/ul>\n\n\n\n<p>Ha k\u00e9szen \u00e1ll a kih\u00edv\u00e1sra, \u00e9s sz\u00edvesen hozz\u00e1j\u00e1rulna v\u00e1llalatunk n\u00f6veked\u00e9s\u00e9hez a <strong>k\u00ednai piacon<\/strong>, v\u00e1rjuk jelentkez\u00e9s\u00e9t csapatunkba!<\/p>\n\n\n\n<p><em>A Grupo Segura \u00e9rt\u00e9kei k\u00f6z\u00e9 tartozik az es\u00e9lyegyenl\u0151s\u00e9g. Elk\u00f6telezettek vagyunk a legjobb tehets\u00e9gek felv\u00e9tele mellett, f\u00fcggetlen\u00fcl fajt\u00f3l, vall\u00e1st\u00f3l, nemt\u0151l, kort\u00f3l vagy fogyat\u00e9koss\u00e1gt\u00f3l, \u00e9s t\u00e1mogatjuk szakmai \u00e9s szem\u00e9lyes fejl\u0151d\u00e9s\u00fcket.<\/em><\/p>\n","protected":false},"excerpt":{"rendered":"<p>\u00dajonnan l\u00e9trehozott poz\u00edci\u00f3t nyitunk Hegeszt\u00e9si Iparos\u00edt\u00e1si M\u00e9rn\u00f6k munkak\u00f6rben. A poz\u00edci\u00f3 f\u0151 c\u00e9lja az optim\u00e1lis iparos\u00edt\u00e1si javaslatok kidolgoz\u00e1sa, figyelembe v\u00e9ve a gy\u00e1rt\u00e1si \u00e9s kapacit\u00e1sbeli szempontokat, valamint a beruh\u00e1z\u00e1sok \u00e9s az amortiz\u00e1ci\u00f3 gazdas\u00e1gi \u00e9letk\u00e9pess\u00e9g\u00e9t. Alapvet\u0151 elv\u00e1r\u00e1s a folyamatok robusztuss\u00e1g\u00e1nak biztos\u00edt\u00e1sa a min\u0151s\u00e9g garant\u00e1l\u00e1sa \u00e9s az \u00fcgyf\u00e9lk\u00f6vetelm\u00e9nyek teljes\u00edt\u00e9se \u00e9rdek\u00e9ben. Emellett el\u0151nyt jelent a gy\u00e1rt\u00e1si rendszer rugalmass\u00e1ga, amely lehet\u0151v\u00e9 [&hellip;]<\/p>\n","protected":false},"featured_media":0,"parent":0,"template":"","meta":{"_acf_changed":false,"_eb_attr":"","footnotes":""},"class_list":["post-10188","empleos","type-empleos","status-publish","hentry"],"acf":[],"yoast_head":"<!-- This site is optimized with the Yoast SEO plugin v27.4 - https:\/\/yoast.com\/product\/yoast-seo-wordpress\/ -->\n<title>Hegeszt\u00e9si iparos\u00edt\u00e1si m\u00e9rn\u00f6k - Grupo Segura<\/title>\n<meta name=\"robots\" content=\"index, follow, max-snippet:-1, max-image-preview:large, max-video-preview:-1\" \/>\n<link rel=\"canonical\" href=\"https:\/\/www.fsegura.com\/hu\/empleo\/hegesztesi-iparositasi-mernok\/\" \/>\n<meta property=\"og:locale\" content=\"hu_HU\" \/>\n<meta property=\"og:type\" content=\"article\" \/>\n<meta property=\"og:title\" content=\"Hegeszt\u00e9si iparos\u00edt\u00e1si m\u00e9rn\u00f6k - Grupo Segura\" \/>\n<meta property=\"og:description\" content=\"\u00dajonnan l\u00e9trehozott poz\u00edci\u00f3t nyitunk Hegeszt\u00e9si Iparos\u00edt\u00e1si M\u00e9rn\u00f6k munkak\u00f6rben. A poz\u00edci\u00f3 f\u0151 c\u00e9lja az optim\u00e1lis iparos\u00edt\u00e1si javaslatok kidolgoz\u00e1sa, figyelembe v\u00e9ve a gy\u00e1rt\u00e1si \u00e9s kapacit\u00e1sbeli szempontokat, valamint a beruh\u00e1z\u00e1sok \u00e9s az amortiz\u00e1ci\u00f3 gazdas\u00e1gi \u00e9letk\u00e9pess\u00e9g\u00e9t. Alapvet\u0151 elv\u00e1r\u00e1s a folyamatok robusztuss\u00e1g\u00e1nak biztos\u00edt\u00e1sa a min\u0151s\u00e9g garant\u00e1l\u00e1sa \u00e9s az \u00fcgyf\u00e9lk\u00f6vetelm\u00e9nyek teljes\u00edt\u00e9se \u00e9rdek\u00e9ben. Emellett el\u0151nyt jelent a gy\u00e1rt\u00e1si rendszer rugalmass\u00e1ga, amely lehet\u0151v\u00e9 [&hellip;]\" \/>\n<meta property=\"og:url\" content=\"https:\/\/www.fsegura.com\/hu\/empleo\/hegesztesi-iparositasi-mernok\/\" \/>\n<meta property=\"og:site_name\" content=\"Grupo Segura\" \/>\n<meta property=\"article:modified_time\" content=\"2026-02-09T08:41:13+00:00\" \/>\n<meta name=\"twitter:card\" content=\"summary_large_image\" \/>\n<meta name=\"twitter:label1\" content=\"Becs\u00fclt olvas\u00e1si id\u0151\" \/>\n\t<meta name=\"twitter:data1\" content=\"2 perc\" \/>\n<script type=\"application\/ld+json\" class=\"yoast-schema-graph\">{\"@context\":\"https:\\\/\\\/schema.org\",\"@graph\":[{\"@type\":\"WebPage\",\"@id\":\"https:\\\/\\\/www.fsegura.com\\\/hu\\\/empleo\\\/hegesztesi-iparositasi-mernok\\\/\",\"url\":\"https:\\\/\\\/www.fsegura.com\\\/hu\\\/empleo\\\/hegesztesi-iparositasi-mernok\\\/\",\"name\":\"Hegeszt\u00e9si iparos\u00edt\u00e1si m\u00e9rn\u00f6k - Grupo Segura\",\"isPartOf\":{\"@id\":\"https:\\\/\\\/www.fsegura.com\\\/hu\\\/#website\"},\"datePublished\":\"2025-11-10T11:55:34+00:00\",\"dateModified\":\"2026-02-09T08:41:13+00:00\",\"breadcrumb\":{\"@id\":\"https:\\\/\\\/www.fsegura.com\\\/hu\\\/empleo\\\/hegesztesi-iparositasi-mernok\\\/#breadcrumb\"},\"inLanguage\":\"hu\",\"potentialAction\":[{\"@type\":\"ReadAction\",\"target\":[\"https:\\\/\\\/www.fsegura.com\\\/hu\\\/empleo\\\/hegesztesi-iparositasi-mernok\\\/\"]}]},{\"@type\":\"BreadcrumbList\",\"@id\":\"https:\\\/\\\/www.fsegura.com\\\/hu\\\/empleo\\\/hegesztesi-iparositasi-mernok\\\/#breadcrumb\",\"itemListElement\":[{\"@type\":\"ListItem\",\"position\":1,\"name\":\"Portada\",\"item\":\"https:\\\/\\\/www.fsegura.com\\\/hu\\\/\"},{\"@type\":\"ListItem\",\"position\":2,\"name\":\"Empleos\",\"item\":\"https:\\\/\\\/www.fsegura.com\\\/hu\\\/empleo\\\/\"},{\"@type\":\"ListItem\",\"position\":3,\"name\":\"Hegeszt\u00e9si iparos\u00edt\u00e1si m\u00e9rn\u00f6k\"}]},{\"@type\":\"WebSite\",\"@id\":\"https:\\\/\\\/www.fsegura.com\\\/hu\\\/#website\",\"url\":\"https:\\\/\\\/www.fsegura.com\\\/hu\\\/\",\"name\":\"Grupo Segura\",\"description\":\"Partner global para componentes de la automoci\u00f3n\",\"publisher\":{\"@id\":\"https:\\\/\\\/www.fsegura.com\\\/hu\\\/#organization\"},\"potentialAction\":[{\"@type\":\"SearchAction\",\"target\":{\"@type\":\"EntryPoint\",\"urlTemplate\":\"https:\\\/\\\/www.fsegura.com\\\/hu\\\/?s={search_term_string}\"},\"query-input\":{\"@type\":\"PropertyValueSpecification\",\"valueRequired\":true,\"valueName\":\"search_term_string\"}}],\"inLanguage\":\"hu\"},{\"@type\":\"Organization\",\"@id\":\"https:\\\/\\\/www.fsegura.com\\\/hu\\\/#organization\",\"name\":\"Grupo Segura\",\"url\":\"https:\\\/\\\/www.fsegura.com\\\/hu\\\/\",\"logo\":{\"@type\":\"ImageObject\",\"inLanguage\":\"hu\",\"@id\":\"https:\\\/\\\/www.fsegura.com\\\/hu\\\/#\\\/schema\\\/logo\\\/image\\\/\",\"url\":\"https:\\\/\\\/www.fsegura.com\\\/wp-content\\\/uploads\\\/2025\\\/09\\\/grupo-segura.jpg\",\"contentUrl\":\"https:\\\/\\\/www.fsegura.com\\\/wp-content\\\/uploads\\\/2025\\\/09\\\/grupo-segura.jpg\",\"width\":458,\"height\":136,\"caption\":\"Grupo Segura\"},\"image\":{\"@id\":\"https:\\\/\\\/www.fsegura.com\\\/hu\\\/#\\\/schema\\\/logo\\\/image\\\/\"}}]}<\/script>\n<!-- \/ Yoast SEO plugin. -->","yoast_head_json":{"title":"Hegeszt\u00e9si iparos\u00edt\u00e1si m\u00e9rn\u00f6k - Grupo Segura","robots":{"index":"index","follow":"follow","max-snippet":"max-snippet:-1","max-image-preview":"max-image-preview:large","max-video-preview":"max-video-preview:-1"},"canonical":"https:\/\/www.fsegura.com\/hu\/empleo\/hegesztesi-iparositasi-mernok\/","og_locale":"hu_HU","og_type":"article","og_title":"Hegeszt\u00e9si iparos\u00edt\u00e1si m\u00e9rn\u00f6k - Grupo Segura","og_description":"\u00dajonnan l\u00e9trehozott poz\u00edci\u00f3t nyitunk Hegeszt\u00e9si Iparos\u00edt\u00e1si M\u00e9rn\u00f6k munkak\u00f6rben. A poz\u00edci\u00f3 f\u0151 c\u00e9lja az optim\u00e1lis iparos\u00edt\u00e1si javaslatok kidolgoz\u00e1sa, figyelembe v\u00e9ve a gy\u00e1rt\u00e1si \u00e9s kapacit\u00e1sbeli szempontokat, valamint a beruh\u00e1z\u00e1sok \u00e9s az amortiz\u00e1ci\u00f3 gazdas\u00e1gi \u00e9letk\u00e9pess\u00e9g\u00e9t. Alapvet\u0151 elv\u00e1r\u00e1s a folyamatok robusztuss\u00e1g\u00e1nak biztos\u00edt\u00e1sa a min\u0151s\u00e9g garant\u00e1l\u00e1sa \u00e9s az \u00fcgyf\u00e9lk\u00f6vetelm\u00e9nyek teljes\u00edt\u00e9se \u00e9rdek\u00e9ben. Emellett el\u0151nyt jelent a gy\u00e1rt\u00e1si rendszer rugalmass\u00e1ga, amely lehet\u0151v\u00e9 [&hellip;]","og_url":"https:\/\/www.fsegura.com\/hu\/empleo\/hegesztesi-iparositasi-mernok\/","og_site_name":"Grupo Segura","article_modified_time":"2026-02-09T08:41:13+00:00","twitter_card":"summary_large_image","twitter_misc":{"Becs\u00fclt olvas\u00e1si id\u0151":"2 perc"},"schema":{"@context":"https:\/\/schema.org","@graph":[{"@type":"WebPage","@id":"https:\/\/www.fsegura.com\/hu\/empleo\/hegesztesi-iparositasi-mernok\/","url":"https:\/\/www.fsegura.com\/hu\/empleo\/hegesztesi-iparositasi-mernok\/","name":"Hegeszt\u00e9si iparos\u00edt\u00e1si m\u00e9rn\u00f6k - Grupo Segura","isPartOf":{"@id":"https:\/\/www.fsegura.com\/hu\/#website"},"datePublished":"2025-11-10T11:55:34+00:00","dateModified":"2026-02-09T08:41:13+00:00","breadcrumb":{"@id":"https:\/\/www.fsegura.com\/hu\/empleo\/hegesztesi-iparositasi-mernok\/#breadcrumb"},"inLanguage":"hu","potentialAction":[{"@type":"ReadAction","target":["https:\/\/www.fsegura.com\/hu\/empleo\/hegesztesi-iparositasi-mernok\/"]}]},{"@type":"BreadcrumbList","@id":"https:\/\/www.fsegura.com\/hu\/empleo\/hegesztesi-iparositasi-mernok\/#breadcrumb","itemListElement":[{"@type":"ListItem","position":1,"name":"Portada","item":"https:\/\/www.fsegura.com\/hu\/"},{"@type":"ListItem","position":2,"name":"Empleos","item":"https:\/\/www.fsegura.com\/hu\/empleo\/"},{"@type":"ListItem","position":3,"name":"Hegeszt\u00e9si iparos\u00edt\u00e1si m\u00e9rn\u00f6k"}]},{"@type":"WebSite","@id":"https:\/\/www.fsegura.com\/hu\/#website","url":"https:\/\/www.fsegura.com\/hu\/","name":"Grupo Segura","description":"Partner global para componentes de la automoci\u00f3n","publisher":{"@id":"https:\/\/www.fsegura.com\/hu\/#organization"},"potentialAction":[{"@type":"SearchAction","target":{"@type":"EntryPoint","urlTemplate":"https:\/\/www.fsegura.com\/hu\/?s={search_term_string}"},"query-input":{"@type":"PropertyValueSpecification","valueRequired":true,"valueName":"search_term_string"}}],"inLanguage":"hu"},{"@type":"Organization","@id":"https:\/\/www.fsegura.com\/hu\/#organization","name":"Grupo Segura","url":"https:\/\/www.fsegura.com\/hu\/","logo":{"@type":"ImageObject","inLanguage":"hu","@id":"https:\/\/www.fsegura.com\/hu\/#\/schema\/logo\/image\/","url":"https:\/\/www.fsegura.com\/wp-content\/uploads\/2025\/09\/grupo-segura.jpg","contentUrl":"https:\/\/www.fsegura.com\/wp-content\/uploads\/2025\/09\/grupo-segura.jpg","width":458,"height":136,"caption":"Grupo Segura"},"image":{"@id":"https:\/\/www.fsegura.com\/hu\/#\/schema\/logo\/image\/"}}]}},"_links":{"self":[{"href":"https:\/\/www.fsegura.com\/hu\/wp-json\/wp\/v2\/empleo\/10188","targetHints":{"allow":["GET"]}}],"collection":[{"href":"https:\/\/www.fsegura.com\/hu\/wp-json\/wp\/v2\/empleo"}],"about":[{"href":"https:\/\/www.fsegura.com\/hu\/wp-json\/wp\/v2\/types\/empleos"}],"version-history":[{"count":0,"href":"https:\/\/www.fsegura.com\/hu\/wp-json\/wp\/v2\/empleo\/10188\/revisions"}],"wp:attachment":[{"href":"https:\/\/www.fsegura.com\/hu\/wp-json\/wp\/v2\/media?parent=10188"}],"curies":[{"name":"wp","href":"https:\/\/api.w.org\/{rel}","templated":true}]}}