{"id":9744,"date":"2025-11-10T09:59:05","date_gmt":"2025-11-10T09:59:05","guid":{"rendered":"https:\/\/www.fsegura.com\/job-offer-template\/"},"modified":"2026-02-09T14:46:16","modified_gmt":"2026-02-09T14:46:16","slug":"allasajanlat-sablon","status":"publish","type":"page","link":"https:\/\/www.fsegura.com\/hu\/allasajanlat-sablon\/","title":{"rendered":"Job offer &#8211; HTML template HU"},"content":{"rendered":"\t\t<div data-elementor-type=\"wp-page\" data-elementor-id=\"9744\" class=\"elementor elementor-9744 elementor-6468\" data-elementor-post-type=\"page\">\n\t\t\t\t<div class=\"elementor-element elementor-element-0df828c e-flex e-con-boxed e-con e-parent\" data-id=\"0df828c\" data-element_type=\"container\" data-e-type=\"container\" id=\"hero\" data-settings=\"{&quot;background_background&quot;:&quot;gradient&quot;,&quot;position&quot;:&quot;fixed&quot;}\">\n\t\t\t\t\t<div class=\"e-con-inner\">\n\t\t<div class=\"elementor-element elementor-element-2ec3325 e-con-full e-flex e-con e-child\" data-id=\"2ec3325\" data-element_type=\"container\" data-e-type=\"container\">\n\t\t\t\t<div class=\"elementor-element elementor-element-7211997 elementor-widget elementor-widget-text-editor\" data-id=\"7211997\" data-element_type=\"widget\" data-e-type=\"widget\" data-widget_type=\"text-editor.default\">\n\t\t\t\t\t\t\t\t\t<p>Munka a Grupo Segura-n\u00e1l<\/p>\t\t\t\t\t\t\t\t<\/div>\n\t\t\t\t<div class=\"elementor-element elementor-element-6a82f08 elementor-widget elementor-widget-heading\" data-id=\"6a82f08\" data-element_type=\"widget\" data-e-type=\"widget\" data-widget_type=\"heading.default\">\n\t\t\t\t\t<h1 class=\"elementor-heading-title elementor-size-default\">\u00c1ll\u00e1saj\u00e1nlat neve<\/h1>\t\t\t\t<\/div>\n\t\t\t\t<div class=\"elementor-element elementor-element-63c8725 elementor-position-inline-start elementor-mobile-position-inline-start elementor-view-default elementor-widget elementor-widget-icon-box\" data-id=\"63c8725\" data-element_type=\"widget\" data-e-type=\"widget\" data-widget_type=\"icon-box.default\">\n\t\t\t\t\t\t\t<div class=\"elementor-icon-box-wrapper\">\n\n\t\t\t\t\t\t<div class=\"elementor-icon-box-icon\">\n\t\t\t\t<span  class=\"elementor-icon\">\n\t\t\t\t<svg aria-hidden=\"true\" class=\"e-font-icon-svg e-fas-map-marker-alt\" viewBox=\"0 0 384 512\" xmlns=\"http:\/\/www.w3.org\/2000\/svg\"><path d=\"M172.268 501.67C26.97 291.031 0 269.413 0 192 0 85.961 85.961 0 192 0s192 85.961 192 192c0 77.413-26.97 99.031-172.268 309.67-9.535 13.774-29.93 13.773-39.464 0zM192 272c44.183 0 80-35.817 80-80s-35.817-80-80-80-80 35.817-80 80 35.817 80 80 80z\"><\/path><\/svg>\t\t\t\t<\/span>\n\t\t\t<\/div>\n\t\t\t\n\t\t\t\t\t\t<div class=\"elementor-icon-box-content\">\n\n\t\t\t\t\t\t\t\t\t<div class=\"elementor-icon-box-title\">\n\t\t\t\t\t\t<span  >\n\t\t\t\t\t\t\tOrsz\u00e1g\t\t\t\t\t\t<\/span>\n\t\t\t\t\t<\/div>\n\t\t\t\t\n\t\t\t\t\n\t\t\t<\/div>\n\t\t\t\n\t\t<\/div>\n\t\t\t\t\t\t<\/div>\n\t\t\t\t<\/div>\n\t\t\t\t\t<\/div>\n\t\t\t\t<\/div>\n\t\t<div class=\"elementor-element elementor-element-28de844 e-flex e-con-boxed e-con e-parent\" data-id=\"28de844\" data-element_type=\"container\" data-e-type=\"container\" data-settings=\"{&quot;background_background&quot;:&quot;classic&quot;}\">\n\t\t\t\t\t<div class=\"e-con-inner\">\n\t\t\t\t<div class=\"elementor-element elementor-element-b5cb09a elementor-widget__width-inherit elementor-widget elementor-widget-html\" data-id=\"b5cb09a\" data-element_type=\"widget\" data-e-type=\"widget\" data-widget_type=\"html.default\">\n\t\t\t\t\t<div class=\"template-ofertas-empleo\">\n    <div class=\"col6 contenedor-principal\">\n        <div class=\"ofertaempleo\">\n            <div class=\"ofertaempleo-datos\">\n\n                <div class=\"col6 ofertaempleo-datos--inner\">\n\n                    <div class=\"ofertaempleo-datos-inner\">\n                        <div class=\"titular-datos\">\n                            C\u00e9g\n                        <\/div>\n                        <div class=\"dato\">\n                            Segura Group (Paterna offices)\n                        <\/div>\n                    <\/div>\n\n                    <div class=\"ofertaempleo-datos-inner\">\n                        <div class=\"titular-datos\">\n                            T\u00edpus\n                        <\/div>\n                        <div class=\"dato\">\n                            Teljes munkaid\u0151\n                        <\/div>\n                    <\/div>\n\n                    <div class=\"ofertaempleo-datos-inner\">\n                        <div class=\"titular-datos\">\n                            Helysz\u00edn\n                        <\/div>\n                        <div class=\"dato\">\n                            Paterna (Spanyolorsz\u00e1g)\n                        <\/div>\n                    <\/div>\n\n                <\/div>\n\n                <div class=\"col6 ofertaempleo-datos--inner\">\n\n                    <div class=\"ofertaempleo-datos-inner\">\n                        <div class=\"titular-datos\">\n                            Tapasztalat\n                        <\/div>\n                        <div class=\"dato\">\n                            +2 \u00e9v\n                        <\/div>\n                    <\/div>\n\n                    <div class=\"ofertaempleo-datos-inner\">\n                        <div class=\"titular-datos\">\n                            Alapvet\u0151 elv\u00e1r\u00e1s\n                        <\/div>\n                        <div class=\"dato\">\n                            N\u00e9met nyelvtud\u00e1s\n                        <\/div>\n                    <\/div>\n\n                    <div class=\"ofertaempleo-datos-inner\">\n                        <div class=\"titular-datos\">\n                            Fizet\u00e9s\n                        <\/div>\n                        <div class=\"dato\">\n                            000.000 \u20ac\/\u00e9v\n                        <\/div>\n                    <\/div>\n\n                <\/div>\n\n            <\/div>\n\n            <div class=\"ofertaempleo-campo-contenido\">\n                WORD-T\u00cdPUS\u00da SZ\u00d6VEGSZERKESZT\u0150\n            <\/div>\n\n        <\/div>\n    <\/div>\n\n\n    <div class=\"col6 contenedor-principal last\">\n\n        <div class=\"formulario ofertasempleo\">\n            <form>\n\n                <div class=\"oferta-empleo\">\n                    <div class=\"titular-datos\">\u00c1ll\u00e1saj\u00e1nlat<\/div>\n                    <select aria-invalid=\"false\" class=\"wpcf7-form-control wpcf7-select\" name=\"nivel_idioma_Espa\u00f1ol\">\n                        <option value=\"\">Munkahelyi biztons\u00e1gi szak\u00e9rt\u0151<\/option>\n                    <\/select>\n                    <div class=\"titular-datos\" style=\"padding-top:30px\">Tapasztalati \u00e9vek sz\u00e1ma<\/div>\n                    <span class=\"wpcf7-form-control-wrap nombre\">\n                        <input type=\"text\" aria-invalid=\"false\" aria-required=\"true\"\n                            class=\"wpcf7-form-control wpcf7-text obligatorio\" size=\"40\" value=\"\" name=\"experiencia\"\n                            id=\"experiencia\">\n                    <\/span>\n                <\/div>\n\n                <div class=\"datos-personales\">\n                    <p class=\"nombre\">Keresztn\u00e9v&nbsp;(*)&nbsp;<br>\n                        <span class=\"wpcf7-form-control-wrap nombre\">\n                            <input type=\"text\" aria-invalid=\"false\" aria-required=\"true\"\n                                class=\"wpcf7-form-control wpcf7-text obligatorio\" size=\"40\" value=\"\" name=\"nombre\"\n                                id=\"nombre\">\n                        <\/span>\n                    <\/p>\n                    <p> Vezet\u00e9kn\u00e9v&nbsp;(*)&nbsp;<br>\n                        <span class=\"wpcf7-form-control-wrap apellidos\">\n                            <input type=\"text\" aria-invalid=\"false\" aria-required=\"true\"\n                                class=\"wpcf7-form-control wpcf7-text obligatorio\" size=\"40\" value=\"\" name=\"apellidos\"\n                                id=\"apellidos\">\n                        <\/span>\n                    <\/p>\n                    <p class=\"email\">E-mail c\u00edm&nbsp;(*)&nbsp;<br>\n                        <span class=\"wpcf7-form-control-wrap your-email\">\n                            <input type=\"email\" aria-invalid=\"false\" aria-required=\"true\"\n                                class=\"wpcf7-form-control wpcf7-text wpcf7-email obligatorio\" size=\"40\" value=\"\"\n                                name=\"email\" id=\"email\">\n                        <\/span>\n                    <\/p>\n                    <p class=\"telefono\">Telefonsz\u00e1m&nbsp;(*)&nbsp;<br>\n                        <span class=\"wpcf7-form-control-wrap telefono\">\n                            <input type=\"text\" class=\"wpcf7-form-control wpcf7-text obligatorio\" value=\"\"\n                                name=\"telefono\" id=\"telefono\" placeholder=\"+34 000 000 000\">\n\n                        <\/span>\n                    <\/p>\n                    <p>\u00c1llampolg\u00e1rs\u00e1g&nbsp;(*)&nbsp;<br>\n                        <span class=\"wpcf7-form-control-wrap nacionalidad\">\n                            <select aria-invalid=\"false\" class=\"wpcf7-form-control wpcf7-select obligatorio\"\n                                name=\"nacionalidad\" id=\"nacionalidad\">\n                                <option value=\"\">-- V\u00e1lasszon --<\/option>\n                                <option value=\"Espa\u00f1a\">Spanyolorsz\u00e1g<\/option>\n                                <option value=\"Hungr\u00eda\">Magyarorsz\u00e1g<\/option>\n                                <option value=\"Otro CEE\">Egy\u00e9b EGK<\/option>\n                                <option value=\"Otro Europa\">Egy\u00e9b Eur\u00f3pa<\/option>\n                                <option value=\"Am\u00e9rica del Norte\">\u00c9szak-Amerika<\/option>\n                                <option value=\"Centroam\u00e9rica\">K\u00f6z\u00e9p-Amerika<\/option>\n                                <option value=\"Am\u00e9rica del Sur\">D\u00e9l-Amerika<\/option>\n                                <option value=\"Asia\">\u00c1zsia<\/option>\n                                <option value=\"Africa\">Afrika<\/option>\n                                <option value=\"Ocean\u00eda\">\u00d3ce\u00e1nia<\/option>\n                            <\/select>\n                        <\/span>\n                    <\/p>\n                    <p>Tart\u00f3zkod\u00e1si orsz\u00e1g&nbsp;(*)&nbsp;<br>\n                        <span class=\"wpcf7-form-control-wrap pais_residencia\">\n                            <select aria-invalid=\"false\" class=\"wpcf7-form-control wpcf7-select obligatorio\"\n                                name=\"pais_residencia\" id=\"pais_residencia\">\n                                <option value=\"\">-- V\u00e1lasszon --<\/option>\n                                <option value=\"Espa\u00f1a\">Spanyolorsz\u00e1g<\/option>\n                                <option value=\"Hungr\u00eda\">Magyarorsz\u00e1g<\/option>\n                                <option value=\"Otro CEE\">Egy\u00e9b EGK<\/option>\n                                <option value=\"Otro Europa\">Egy\u00e9b Eur\u00f3pa<\/option>\n                                <option value=\"Am\u00e9rica del Norte\">\u00c9szak-Amerika<\/option>\n                                <option value=\"Centroam\u00e9rica\">K\u00f6z\u00e9p-Amerika<\/option>\n                                <option value=\"Am\u00e9rica del Sur\">D\u00e9l-Amerika<\/option>\n                                <option value=\"Asia\">\u00c1zsia<\/option>\n                                <option value=\"Africa\">Afrika<\/option>\n                                <option value=\"Ocean\u00eda\">\u00d3ce\u00e1nia<\/option>\n                            <\/select>\n                        <\/span>\n                    <\/p>\n                    <p class=\"poblacion\">V\u00e1ros\/Telep\u00fcl\u00e9s<br>\n                        <span class=\"wpcf7-form-control-wrap poblacion\">\n                            <input type=\"text\" class=\"wpcf7-form-control wpcf7-text\" value=\"\" name=\"poblacion\"\n                                id=\"poblacion\">\n                        <\/span>\n                    <\/p>\n                    <div class=\"permiso-trabajo\">\n                        <p>Munkav\u00e1llal\u00e1si enged\u00e9ly Spanyolorsz\u00e1gban: &nbsp;&nbsp;\n                            <span class=\"wpcf7-form-control-wrap radio-875\">\n                                <span class=\"wpcf7-form-control wpcf7-radio\">\n\n                                    <span class=\"wpcf7-list-item first\">\n                                        <input type=\"radio\" value=\"1\" name=\"permiso_trabajo_espanya\">&nbsp;\n                                        <span class=\"wpcf7-list-item-label\">Igen<\/span>\n                                    <\/span>\n                                    &nbsp; &nbsp;\n                                    <span class=\"wpcf7-list-item last\">\n                                        <input type=\"radio\" value=\"0\" name=\"permiso_trabajo_espanya\">&nbsp;\n                                        <span class=\"wpcf7-list-item-label\">Nem<\/span>\n                                    <\/span>\n                                <\/span>\n                            <\/span>\n                        <\/p>\n                        <p>Munkav\u00e1llal\u00e1si enged\u00e9ly Magyarorsz\u00e1gon: &nbsp;\n                            <span class=\"wpcf7-form-control-wrap radio-875\">\n                                <span class=\"wpcf7-form-control wpcf7-radio\">\n                                    <span class=\"wpcf7-list-item first\">\n                                        <input type=\"radio\" value=\"1\" name=\"permiso_trabajo_hungria\">&nbsp;\n                                        <span class=\"wpcf7-list-item-label\">Igen<\/span>\n                                    <\/span>\n                                    &nbsp; &nbsp;\n                                    <span class=\"wpcf7-list-item last\">\n                                        <input type=\"radio\" value=\"0\" name=\"permiso_trabajo_hungria\">&nbsp;\n                                        <span class=\"wpcf7-list-item-label\">Nem<\/span>\n                                    <\/span>\n                                <\/span>\n                            <\/span>\n                        <\/p>\n                        <p>Munkav\u00e1llal\u00e1si enged\u00e9ly N\u00e9metorsz\u00e1gban: &nbsp;\n                            <span class=\"wpcf7-form-control-wrap radio-875\">\n                                <span class=\"wpcf7-form-control wpcf7-radio\">\n                                    <span class=\"wpcf7-list-item first\">\n                                        <input type=\"radio\" value=\"1\" name=\"permiso_trabajo_hungria\">&nbsp;\n                                        <span class=\"wpcf7-list-item-label\">Igen<\/span>\n                                    <\/span>\n                                    &nbsp; &nbsp;\n                                    <span class=\"wpcf7-list-item last\">\n                                        <input type=\"radio\" value=\"0\" name=\"permiso_trabajo_hungria\">&nbsp;\n                                        <span class=\"wpcf7-list-item-label\">Nem<\/span>\n                                    <\/span>\n                                <\/span>\n                            <\/span>\n                        <\/p>\n                    <\/div>\n\n                <\/div>\n\n\n                <div class=\"idiomas\">\n\n                    <div class=\"col6\">\n                        <h4>Nyelvek<\/h4>\n                    <\/div>\n\n                    <div class=\"col6\">\n                        <h4>Szint<\/h4>\n                    <\/div>\n                    <div style=\"padding-top:25px;height:50px;\">\n                        <div class=\"col6\">\n                            Angol\n                        <\/div>\n                        <div class=\"col6\">\n                            <select aria-invalid=\"false\" class=\"wpcf7-form-control wpcf7-select\"\n                                name=\"nivel_idioma_Ingl\u00e9s\">\n                                <option value=\"\">-- V\u00e1lasszon --<\/option>\n                                <option value=\"Nivel&nbsp;B1:&nbsp;nivel&nbsp;intermedio\">\n                                    B1 szint:&nbsp;k\u00f6z\u00e9pszint<\/option>\n                                <option value=\"Nivel&nbsp;B2:&nbsp;nivel&nbsp;intermedio alto\">\n                                    B2 szint:&nbsp;er\u0151s k\u00f6z\u00e9pszint<\/option>\n                                <option value=\"Nivel&nbsp;C1:&nbsp;nivel&nbsp;avanzado\">\n                                    C1 szint:&nbsp;fels\u0151fok<\/option>\n                                <option value=\"Nivel&nbsp;C2:&nbsp;nivel&nbsp;muy avanzado\">\n                                    C2 szint:&nbsp;anyanyelvi szint<\/option>\n                            <\/select>\n                        <\/div>\n                    <\/div>\n                    <div style=\"padding-top:25px;height:50px;\">\n                        <div class=\"col6\">\n                            N\u00e9met\n                        <\/div>\n                        <div class=\"col6\">\n                            <select aria-invalid=\"false\" class=\"wpcf7-form-control wpcf7-select\"\n                                name=\"nivel_idioma_Alem\u00e1n\">\n                                <option value=\"\">-- V\u00e1lasszon --<\/option>\n                                <option value=\"Nivel&nbsp;B1:&nbsp;nivel&nbsp;intermedio\">\n                                    B1 szint:&nbsp;k\u00f6z\u00e9pszint<\/option>\n                                <option value=\"Nivel&nbsp;B2:&nbsp;nivel&nbsp;intermedio alto\">\n                                    B2 szint:&nbsp;er\u0151s k\u00f6z\u00e9pszint<\/option>\n                                <option value=\"Nivel&nbsp;C1:&nbsp;nivel&nbsp;avanzado\">\n                                    C1 szint:&nbsp;fels\u0151fok<\/option>\n                                <option value=\"Nivel&nbsp;C2:&nbsp;nivel&nbsp;muy avanzado\">\n                                    C2 szint:&nbsp;anyanyelvi szint<\/option>\n                            <\/select>\n                        <\/div>\n                    <\/div>\n                    <div style=\"padding-top:25px;height:50px;\">\n                        <div class=\"col6\">\n                            Magyar\n                        <\/div>\n                        <div class=\"col6\">\n                            <select aria-invalid=\"false\" class=\"wpcf7-form-control wpcf7-select\"\n                                name=\"nivel_idioma_H\u00fangaro\">\n                                <option value=\"\">-- V\u00e1lasszon --<\/option>\n                                <option value=\"Nivel&nbsp;B1:&nbsp;nivel&nbsp;intermedio\">\n                                    B1 szint:&nbsp;k\u00f6z\u00e9pszint<\/option>\n                                <option value=\"Nivel&nbsp;B2:&nbsp;nivel&nbsp;intermedio alto\">\n                                    B2 szint:&nbsp;er\u0151s k\u00f6z\u00e9pszint<\/option>\n                                <option value=\"Nivel&nbsp;C1:&nbsp;nivel&nbsp;avanzado\">\n                                    C1 szint:&nbsp;fels\u0151fok<\/option>\n                                <option value=\"Nivel&nbsp;C2:&nbsp;nivel&nbsp;muy avanzado\">\n                                    C2 szint:&nbsp;anyanyelvi szint<\/option>\n                            <\/select>\n                        <\/div>\n                    <\/div>\n                    <div style=\"padding-top:25px;height:50px;\">\n                        <div class=\"col6\">\n                            Francia\n                        <\/div>\n                        <div class=\"col6\">\n                            <select aria-invalid=\"false\" class=\"wpcf7-form-control wpcf7-select\"\n                                name=\"nivel_idioma_Franc\u00e9s\">\n                                <option value=\"\">-- V\u00e1lasszon --<\/option>\n                                <option value=\"Nivel&nbsp;B1:&nbsp;nivel&nbsp;intermedio\">\n                                    B1 szint:&nbsp;k\u00f6z\u00e9pszint<\/option>\n                                <option value=\"Nivel&nbsp;B2:&nbsp;nivel&nbsp;intermedio alto\">\n                                    B2 szint:&nbsp;er\u0151s k\u00f6z\u00e9pszint<\/option>\n                                <option value=\"Nivel&nbsp;C1:&nbsp;nivel&nbsp;avanzado\">\n                                    C1 szint:&nbsp;fels\u0151fok<\/option>\n                                <option value=\"Nivel&nbsp;C2:&nbsp;nivel&nbsp;muy avanzado\">\n                                    C2 szint:&nbsp;anyanyelvi szint<\/option>\n                            <\/select>\n                        <\/div>\n                    <\/div>\n                    <div style=\"padding-top:25px;height:50px;\">\n                        <div class=\"col6\">\n                            K\u00ednai\n                        <\/div>\n                        <div class=\"col6\">\n                            <select aria-invalid=\"false\" class=\"wpcf7-form-control wpcf7-select\"\n                                name=\"nivel_idioma_Chino\">\n                                <option value=\"\">-- V\u00e1lasszon --<\/option>\n                                <option value=\"Nivel&nbsp;B1:&nbsp;nivel&nbsp;intermedio\">\n                                    B1 szint:&nbsp;k\u00f6z\u00e9pszint<\/option>\n                                <option value=\"Nivel&nbsp;B2:&nbsp;nivel&nbsp;intermedio alto\">\n                                    B2 szint:&nbsp;er\u0151s k\u00f6z\u00e9pszint<\/option>\n                                <option value=\"Nivel&nbsp;C1:&nbsp;nivel&nbsp;avanzado\">\n                                    C1 szint:&nbsp;fels\u0151fok<\/option>\n                                <option value=\"Nivel&nbsp;C2:&nbsp;nivel&nbsp;muy avanzado\">\n                                    C2 szint:&nbsp;anyanyelvi szint<\/option>\n                            <\/select>\n                        <\/div>\n                    <\/div>\n                    <div style=\"padding-top:25px;height:50px;\">\n                        <div class=\"col6\">\n                            Spanyol\n                        <\/div>\n                        <div class=\"col6\">\n                            <select aria-invalid=\"false\" class=\"wpcf7-form-control wpcf7-select\"\n                                name=\"nivel_idioma_Espa\u00f1ol\">\n                                <option value=\"\">-- V\u00e1lasszon --<\/option>\n                                <option value=\"Nivel&nbsp;B1:&nbsp;nivel&nbsp;intermedio\">\n                                    B1 szint:&nbsp;k\u00f6z\u00e9pszint<\/option>\n                                <option value=\"Nivel&nbsp;B2:&nbsp;nivel&nbsp;intermedio alto\">\n                                    B2 szint:&nbsp;er\u0151s k\u00f6z\u00e9pszint<\/option>\n                                <option value=\"Nivel&nbsp;C1:&nbsp;nivel&nbsp;avanzado\">\n                                    C1 szint:&nbsp;fels\u0151fok<\/option>\n                                <option value=\"Nivel&nbsp;C2:&nbsp;nivel&nbsp;muy avanzado\">\n                                    C2 szint:&nbsp;anyanyelvi szint<\/option>\n                            <\/select>\n                        <\/div>\n\n                        <div style=\"padding-top:25px;height:50px;\">\n                            <div class=\"col6\">\n                                Egy\u00e9b\n                            <\/div>\n                            <div class=\"col6\">\n                                <textarea class=\"otros-idiomas wpcf7-textarea\" rows=\"2\"><\/textarea>\n                            <\/div>\n\n\n                        <\/div>\n                    <\/div>\n                <\/div>\n\n                <div class=\"sector-experiencia\">\n                    <p>Legnagyobb tapasztalattal rendelkez\u0151 szektor&nbsp;(*)&nbsp;<br>\n                        <span class=\"wpcf7-form-control-wrap sector_mas_experiencia\">\n                            <select aria-invalid=\"false\" class=\"wpcf7-form-control wpcf7-select obligatorio\"\n                                name=\"sector_mas_experiencia\" id=\"sector_mas_experiencia\">\n                                <option value=\"\">-- V\u00e1lasszon --<\/option>\n                                <option value=\"Industrias extractivas\">Kitermel\u0151 ipar<\/option>\n                                <option value=\"Industria manufacturera\">Feldolgoz\u00f3ipar<\/option>\n                                <option value=\"Industria manufacturera automoci\u00f3n\">G\u00e9pj\u00e1rm\u0171gy\u00e1rt\u00f3 ipar\n                                <\/option>\n                                <option value=\"Suministro de energ\u00eda el\u00e9ctrica, gas, vapor y aire acondicionado\">\n                                    Villamosenergia-, g\u00e1z-, g\u0151zell\u00e1t\u00e1s \u00e9s l\u00e9gkondicion\u00e1l\u00e1s<\/option>\n                                <option\n                                    value=\"Suministro de agua, actividades de saneamiento, gesti\u00f3n de residuos y descontaminaci\u00f3n\">\n                                    V\u00edzell\u00e1t\u00e1s, csatorn\u00e1z\u00e1s, hullad\u00e9kgazd\u00e1lkod\u00e1s \u00e9s k\u00e1rmentes\u00edt\u00e9s<\/option>\n                                <option value=\"Construcci\u00f3n\">\u00c9p\u00edt\u0151ipar<\/option>\n                                <option\n                                    value=\"Comercio al por mayor y al por menor, reparaci\u00f3n de veh\u00edculos de motor y motocicletas\">\n                                    Nagy- \u00e9s kiskereskedelem, g\u00e9pj\u00e1rm\u0171jav\u00edt\u00e1s<\/option>\n                                <option value=\"Transporte y almacenamiento\">Sz\u00e1ll\u00edt\u00e1s \u00e9s rakt\u00e1roz\u00e1s<\/option>\n                                <option value=\"Informaci\u00f3n y comunicaciones\">Inform\u00e1ci\u00f3 \u00e9s kommunik\u00e1ci\u00f3<\/option>\n                                <option value=\"Actividades financieras y de seguros\">P\u00e9nz\u00fcgyi \u00e9s biztos\u00edt\u00e1si tev\u00e9kenys\u00e9g<\/option>\n                                <option value=\"Actividades profesionales, cient\u00edficos y t\u00e9cnicas\">\n                                    Szakmai, tudom\u00e1nyos \u00e9s m\u0171szaki tev\u00e9kenys\u00e9g<\/option>\n                                <option value=\"Actividades administrativas y servicios auxiliares\">\n                                    Adminisztrat\u00edv \u00e9s szolg\u00e1ltat\u00e1st t\u00e1mogat\u00f3 tev\u00e9kenys\u00e9g<\/option>\n                                <option value=\"Servicios\">Szolg\u00e1ltat\u00e1sok<\/option>\n                                <option value=\"Otros\">Egy\u00e9b<\/option>\n                            <\/select>\n                        <\/span>\n                    <\/p>\n\n                <\/div>\n                <div class=\"curriculum-adjuntar\">\n\n                    <h5>\u00d6n\u00e9letrajz f\u00e1jl&nbsp;(*)&nbsp;<\/h5>\n                    <p>\n                        <span class=\"wpcf7-form-control-wrap file-215 selector-cv\">\n                            <input type=\"file\" aria-invalid=\"false\" class=\"wpcf7-form-control obligatorio wpcf7-file\"\n                                size=\"40\" name=\"archivo\" id=\"archivo\">\n                        <\/span>\n                    <\/p>\n\n                <\/div>\n\n                <div class=\"comentarios\">\n                    <p>K\u00eds\u00e9r\u0151lev\u00e9l&nbsp;(*)&nbsp;<br>\n                        <textarea name=\"presentacion\" id=\"presentacion\" class=\"wpcf7-form-control wpcf7-textarea\"\n                            rows=\"10\"><\/textarea>\n\n\n                    <\/p>\n\n                    <p>(*) K\u00f6telez\u0151 mez\u0151k<\/p>\n                    <p>\n                        <span class=\"wpcf7-form-control-wrap acceptance-507\">\n                            <input type=\"checkbox\" aria-invalid=\"false\" class=\"wpcf7-form-control obligatorio\" value=\"1\"\n                                name=\"acepto\" id=\"acepto\">\n                        <\/span> Elfogadom az <a href=\"https:\/\/www.fsegura.com\/politica-de-privacidad\/\">adatv\u00e9delmi ir\u00e1nyelveket<\/a>\n                    <\/p>\n\n                    <button type=\"submit\" class=\"wpcf7-submit\">K\u00fcld\u00e9s<\/button>\n\n                <\/div>\n\n\n            <\/form>\n        <\/div>\n\n    <\/div>\n    <div class=\"clear\"><\/div>\n<\/div>\n\n<style>\n\t.clear { clear: both;}\n     .ofertaempleo .col6,\n    .col6.contenedor-principal {\n        width: 48%;\n        float: left;\n        margin-right: 2%;\n    }\n\n    .col6.contenedor-principal.last {\n        margin-right: 0px;\n    }\n\n    .ofertaempleo-datos {\n        border: 0px solid #cccccc;\n        padding: 0px;\n        float: left;\n        width: 100%;\n        margin-bottom: 45px;\n    }\n\n    .ofertaempleo-datos-inner {\n        margin-bottom: 20px;\n    }\n\n    .titular-datos {\n        font-size: 20px;\n        font-weight: 300;\n        color: #333333;\n        padding-bottom: 5px;\n    }\n\n    .dato {\n        font-size: 18px;\n        color: #205d9c;\n        line-height: 1.2em;\n    }\n\n    .ofertaempleo-campo-contenido {\n        margin-bottom: 45px;\n    }\n\n    .formulario.ofertasempleo {\n        padding: 0px 0px 0px 50px;\n        font-size: 15px;\n        color: #666666;\n        float: left;\n        width: 100%;\n        border-left: 1px solid #ccc;\n    }\n\n    .formulario.ofertasempleo a {\n        color: #234a7c;\n    }\n\n    .wpcf7-submit {\n        background-color: #006db7;\n        padding: 13px 40px;\n        font-size: 15px;\n        font-weight: 400;\n        text-transform: uppercase;\n        border: none;\n        border-radius: 25px;\n        -webkit-border-radius: 25px;\n        -moz-border-radius: 25px;\n        color: #fff;\n        float: right;\n        letter-spacing: 1px;\n    }\n\n    .formulario .idiomas,\n    .formulario .areas,\n    .formulario .experiencia_container {\n        border: 1px solid #ccc;\n        padding: 20px;\n        margin-bottom: 0px;\n        margin-top: 0px;\n        display: block;\n        float: left;\n        width: 100%;\n    }\n\n    .idiomas .col6 {\n        width: 45%;\n        float: left;\n        margin-right: 10px;\n    }\n\n    .idiomas h4 {\n        font-size: 16px;\n        line-height: 22px;\n        font-weight: 600;\n        color: #333333;\n    }\n\n    .ofertasempleo .wpcf7-text,\n    .ofertasempleo .wpcf7-select,\n    .ofertasempleo .wpcf7-textarea {\n        background: #fff;\n        border: 1px solid #ddd;\n        border-radius: 3px;\n        -webkit-border-radius: 3px;\n        -moz-border-radius: 3px;\n        width: 100%;\n        box-sizing: border-box;\n        -webkit-box-sizing: border-box;\n        -moz-box-sizing: border-box;\n        padding: 8px 15px;\n        font-size: 14px;\n        color: #666666;\n        margin-bottom: 5px;\n        margin-top: 5px;\n    }\n\n    .ofertasempleo .oferta-empleo h2 {\n        color: #234a7c;\n        font-size: 17px;\n        font-weight: 700;\n        margin-bottom: 10px;\n        margin-top: 20px;\n    }\n\n    .ofertasempleo .oferta-empleo {\n        border-bottom: 1px solid #234a7c;\n        padding-bottom: 25px;\n        margin-bottom: 25px;\n    }\n\n    .curriculum-adjuntar h5 {\n        font-size: 16px;\n        font-weight: 700;\n        margin-top: 25px;\n        color: #333333;\n    }\n\n    .selector-cv {\n        margin-bottom: 30px;\n        display: block;\n    }\n\n    .wpcf7-form-control {\n        line-height: 1.2em;\n        font-size: 14px;\n    }\n    \n\n    \n\n    @media only screen and (max-width: 990px) {\n        \n        .col6.contenedor-principal {\n            width: 100%!important;\n            margin-right: 0px!important;\n        }\n        .formulario.ofertasempleo {\n        padding: 0px 0px 0px 0px!important;\n\n        border-left: 0px solid #ccc;\n    }\n\n\n        \n    }\n        @media only screen and (max-width: 550px) {\n        \n        .titular-datos,\n        .dato {\n            font-size: 17px;\n            line-height: 1.2em;\n        }\n        .ofertaempleo-datos--inner {\n            width: 100%!important;\n            margin-right: 0px!important;\n        }\n        \n        .formulario.ofertasempleo {\n            padding: 20px;\n        }\n        .formulario .idiomas,\n        .formulario .areas,\n        .formulario .experiencia_container {\n            padding: 10px;\n        }\n        .permiso-trabajo .wpcf7-form-control-wrap {\n            display: block;\n            width: 100%;\n        }\n        .idiomas .col6 {\n            width: 100%;\n            margin-right: 0px;\n        }\n        \n    }\n\n<\/style>\t\t\t\t<\/div>\n\t\t\t\t\t<\/div>\n\t\t\t\t<\/div>\n\t\t<div class=\"elementor-element elementor-element-9796675 e-flex e-con-boxed e-con e-parent\" data-id=\"9796675\" data-element_type=\"container\" data-e-type=\"container\" data-settings=\"{&quot;background_background&quot;:&quot;classic&quot;}\">\n\t\t\t\t\t<div class=\"e-con-inner\">\n\t\t<div class=\"elementor-element elementor-element-a5ab110 e-flex e-con-boxed e-con e-child\" data-id=\"a5ab110\" data-element_type=\"container\" data-e-type=\"container\">\n\t\t\t\t\t<div class=\"e-con-inner\">\n\t\t\t\t<div class=\"elementor-element elementor-element-c179abe elementor-widget-tablet__width-initial elementor-widget-mobile__width-inherit elementor-widget elementor-widget-heading\" data-id=\"c179abe\" data-element_type=\"widget\" data-e-type=\"widget\" data-widget_type=\"heading.default\">\n\t\t\t\t\t<h2 class=\"elementor-heading-title elementor-size-default\">\u00c9s az emberek, mint a halad\u00e1s hajt\u00f3ereje<\/h2>\t\t\t\t<\/div>\n\t\t\t\t<div class=\"elementor-element elementor-element-d750676 elementor-widget elementor-widget-heading\" data-id=\"d750676\" data-element_type=\"widget\" data-e-type=\"widget\" data-widget_type=\"heading.default\">\n\t\t\t\t\t<h3 class=\"elementor-heading-title elementor-size-default\">Szenved\u00e9lyes m\u00e9rn\u00f6k\u00f6k, technikusok \u00e9s szakemberek, akik minden kih\u00edv\u00e1st megb\u00edzhat\u00f3 \u00e9s hat\u00e9kony megold\u00e1sokk\u00e1 alak\u00edtanak vil\u00e1gszerte t\u00f6bb milli\u00f3 j\u00e1rm\u0171vezet\u0151 sz\u00e1m\u00e1ra.<\/h3>\t\t\t\t<\/div>\n\t\t\t\t<div class=\"elementor-element elementor-element-090f883 elementor-widget elementor-widget-text-editor\" data-id=\"090f883\" data-element_type=\"widget\" data-e-type=\"widget\" data-widget_type=\"text-editor.default\">\n\t\t\t\t\t\t\t\t\t<p>Szeretne r\u00e9szt venni a mobilit\u00e1st alak\u00edt\u00f3 m\u00e9rn\u00f6ki munk\u00e1ban? A Grupo Segura olyan szakembereket keres, akik glob\u00e1lis ipari k\u00f6rnyezetben szeretn\u00e9nek fejl\u0151dni.<\/p>\t\t\t\t\t\t\t\t<\/div>\n\t\t\t\t<div class=\"elementor-element elementor-element-dd348c0 elementor-align-left bot-icono-negro elementor-widget elementor-widget-button\" data-id=\"dd348c0\" data-element_type=\"widget\" data-e-type=\"widget\" data-widget_type=\"button.default\">\n\t\t\t\t\t\t\t\t\t\t<a class=\"elementor-button elementor-button-link elementor-size-sm\" href=\"https:\/\/www.fsegura.com\/hu\/biztonsagos-munkacsoport\/\">\n\t\t\t\t\t\t<span class=\"elementor-button-content-wrapper\">\n\t\t\t\t\t\t\t\t\t<span class=\"elementor-button-text\">R\u00e9szt akarok venni benne.<\/span>\n\t\t\t\t\t<\/span>\n\t\t\t\t\t<\/a>\n\t\t\t\t\t\t\t\t<\/div>\n\t\t\t\t\t<\/div>\n\t\t\t\t<\/div>\n\t\t\t\t\t<\/div>\n\t\t\t\t<\/div>\n\t\t\t\t<\/div>\n\t\t","protected":false},"excerpt":{"rendered":"<p>Munka a Grupo Segura-n\u00e1l \u00c1ll\u00e1saj\u00e1nlat neve Orsz\u00e1g C\u00e9g Segura Group (Paterna offices) T\u00edpus Teljes munkaid\u0151 Helysz\u00edn Paterna (Spanyolorsz\u00e1g) Tapasztalat +2 \u00e9v Alapvet\u0151 elv\u00e1r\u00e1s N\u00e9met nyelvtud\u00e1s Fizet\u00e9s 000.000 \u20ac\/\u00e9v WORD-T\u00cdPUS\u00da SZ\u00d6VEGSZERKESZT\u0150 \u00c1ll\u00e1saj\u00e1nlat Munkahelyi biztons\u00e1gi szak\u00e9rt\u0151 Tapasztalati \u00e9vek sz\u00e1ma Keresztn\u00e9v&nbsp;(*)&nbsp; Vezet\u00e9kn\u00e9v&nbsp;(*)&nbsp; E-mail c\u00edm&nbsp;(*)&nbsp; Telefonsz\u00e1m&nbsp;(*)&nbsp; \u00c1llampolg\u00e1rs\u00e1g&nbsp;(*)&nbsp; &#8212; V\u00e1lasszon &#8212;Spanyolorsz\u00e1gMagyarorsz\u00e1gEgy\u00e9b EGKEgy\u00e9b Eur\u00f3pa\u00c9szak-AmerikaK\u00f6z\u00e9p-AmerikaD\u00e9l-Amerika\u00c1zsiaAfrika\u00d3ce\u00e1nia Tart\u00f3zkod\u00e1si orsz\u00e1g&nbsp;(*)&nbsp; &#8212; V\u00e1lasszon &#8212;Spanyolorsz\u00e1gMagyarorsz\u00e1gEgy\u00e9b EGKEgy\u00e9b Eur\u00f3pa\u00c9szak-AmerikaK\u00f6z\u00e9p-AmerikaD\u00e9l-Amerika\u00c1zsiaAfrika\u00d3ce\u00e1nia [&hellip;]<\/p>\n","protected":false},"author":1,"featured_media":9745,"parent":0,"menu_order":0,"comment_status":"closed","ping_status":"closed","template":"page-templates\/home.php","meta":{"_acf_changed":false,"_eb_attr":"","footnotes":""},"class_list":["post-9744","page","type-page","status-publish","has-post-thumbnail","hentry"],"acf":[],"yoast_head":"<!-- This site is optimized with the Yoast SEO plugin v27.4 - https:\/\/yoast.com\/product\/yoast-seo-wordpress\/ -->\n<title>Grupo Segura \u00e1ll\u00e1saj\u00e1nlat<\/title>\n<meta name=\"robots\" content=\"index, follow, max-snippet:-1, max-image-preview:large, max-video-preview:-1\" \/>\n<link rel=\"canonical\" href=\"https:\/\/www.fsegura.com\/hu\/allasajanlat-sablon\/\" \/>\n<meta property=\"og:locale\" content=\"hu_HU\" \/>\n<meta property=\"og:type\" content=\"article\" \/>\n<meta property=\"og:title\" content=\"Grupo Segura \u00e1ll\u00e1saj\u00e1nlat\" \/>\n<meta property=\"og:description\" content=\"Munka a Grupo Segura-n\u00e1l \u00c1ll\u00e1saj\u00e1nlat neve Orsz\u00e1g C\u00e9g Segura Group (Paterna offices) T\u00edpus Teljes munkaid\u0151 Helysz\u00edn Paterna (Spanyolorsz\u00e1g) Tapasztalat +2 \u00e9v Alapvet\u0151 elv\u00e1r\u00e1s N\u00e9met nyelvtud\u00e1s Fizet\u00e9s 000.000 \u20ac\/\u00e9v WORD-T\u00cdPUS\u00da SZ\u00d6VEGSZERKESZT\u0150 \u00c1ll\u00e1saj\u00e1nlat Munkahelyi biztons\u00e1gi szak\u00e9rt\u0151 Tapasztalati \u00e9vek sz\u00e1ma Keresztn\u00e9v&nbsp;(*)&nbsp; Vezet\u00e9kn\u00e9v&nbsp;(*)&nbsp; E-mail c\u00edm&nbsp;(*)&nbsp; Telefonsz\u00e1m&nbsp;(*)&nbsp; \u00c1llampolg\u00e1rs\u00e1g&nbsp;(*)&nbsp; &#8212; V\u00e1lasszon &#8212;Spanyolorsz\u00e1gMagyarorsz\u00e1gEgy\u00e9b EGKEgy\u00e9b Eur\u00f3pa\u00c9szak-AmerikaK\u00f6z\u00e9p-AmerikaD\u00e9l-Amerika\u00c1zsiaAfrika\u00d3ce\u00e1nia Tart\u00f3zkod\u00e1si orsz\u00e1g&nbsp;(*)&nbsp; &#8212; V\u00e1lasszon &#8212;Spanyolorsz\u00e1gMagyarorsz\u00e1gEgy\u00e9b EGKEgy\u00e9b Eur\u00f3pa\u00c9szak-AmerikaK\u00f6z\u00e9p-AmerikaD\u00e9l-Amerika\u00c1zsiaAfrika\u00d3ce\u00e1nia [&hellip;]\" \/>\n<meta property=\"og:url\" content=\"https:\/\/www.fsegura.com\/hu\/allasajanlat-sablon\/\" \/>\n<meta property=\"og:site_name\" content=\"Grupo Segura\" \/>\n<meta property=\"article:modified_time\" content=\"2026-02-09T14:46:16+00:00\" \/>\n<meta property=\"og:image\" content=\"https:\/\/www.fsegura.com\/wp-content\/uploads\/2025\/09\/cropped-favicon-grupo-segura.jpg\" \/>\n\t<meta property=\"og:image:width\" content=\"512\" \/>\n\t<meta property=\"og:image:height\" content=\"512\" \/>\n\t<meta property=\"og:image:type\" content=\"image\/jpeg\" \/>\n<meta name=\"twitter:card\" content=\"summary_large_image\" \/>\n<meta name=\"twitter:label1\" content=\"Becs\u00fclt olvas\u00e1si id\u0151\" \/>\n\t<meta name=\"twitter:data1\" content=\"3 perc\" \/>\n<script type=\"application\/ld+json\" class=\"yoast-schema-graph\">{\"@context\":\"https:\\\/\\\/schema.org\",\"@graph\":[{\"@type\":\"WebPage\",\"@id\":\"https:\\\/\\\/www.fsegura.com\\\/hu\\\/allasajanlat-sablon\\\/\",\"url\":\"https:\\\/\\\/www.fsegura.com\\\/hu\\\/allasajanlat-sablon\\\/\",\"name\":\"Grupo Segura \u00e1ll\u00e1saj\u00e1nlat\",\"isPartOf\":{\"@id\":\"https:\\\/\\\/www.fsegura.com\\\/hu\\\/#website\"},\"primaryImageOfPage\":{\"@id\":\"https:\\\/\\\/www.fsegura.com\\\/hu\\\/allasajanlat-sablon\\\/#primaryimage\"},\"image\":{\"@id\":\"https:\\\/\\\/www.fsegura.com\\\/hu\\\/allasajanlat-sablon\\\/#primaryimage\"},\"thumbnailUrl\":\"https:\\\/\\\/www.fsegura.com\\\/wp-content\\\/uploads\\\/2025\\\/09\\\/cropped-favicon-grupo-segura.jpg\",\"datePublished\":\"2025-11-10T09:59:05+00:00\",\"dateModified\":\"2026-02-09T14:46:16+00:00\",\"breadcrumb\":{\"@id\":\"https:\\\/\\\/www.fsegura.com\\\/hu\\\/allasajanlat-sablon\\\/#breadcrumb\"},\"inLanguage\":\"hu\",\"potentialAction\":[{\"@type\":\"ReadAction\",\"target\":[\"https:\\\/\\\/www.fsegura.com\\\/hu\\\/allasajanlat-sablon\\\/\"]}]},{\"@type\":\"ImageObject\",\"inLanguage\":\"hu\",\"@id\":\"https:\\\/\\\/www.fsegura.com\\\/hu\\\/allasajanlat-sablon\\\/#primaryimage\",\"url\":\"https:\\\/\\\/www.fsegura.com\\\/wp-content\\\/uploads\\\/2025\\\/09\\\/cropped-favicon-grupo-segura.jpg\",\"contentUrl\":\"https:\\\/\\\/www.fsegura.com\\\/wp-content\\\/uploads\\\/2025\\\/09\\\/cropped-favicon-grupo-segura.jpg\",\"width\":512,\"height\":512,\"caption\":\"Grupo SEgura\"},{\"@type\":\"BreadcrumbList\",\"@id\":\"https:\\\/\\\/www.fsegura.com\\\/hu\\\/allasajanlat-sablon\\\/#breadcrumb\",\"itemListElement\":[{\"@type\":\"ListItem\",\"position\":1,\"name\":\"Portada\",\"item\":\"https:\\\/\\\/www.fsegura.com\\\/hu\\\/\"},{\"@type\":\"ListItem\",\"position\":2,\"name\":\"Job offer &#8211; HTML template HU\"}]},{\"@type\":\"WebSite\",\"@id\":\"https:\\\/\\\/www.fsegura.com\\\/hu\\\/#website\",\"url\":\"https:\\\/\\\/www.fsegura.com\\\/hu\\\/\",\"name\":\"Grupo Segura\",\"description\":\"Partner global para componentes de la automoci\u00f3n\",\"publisher\":{\"@id\":\"https:\\\/\\\/www.fsegura.com\\\/hu\\\/#organization\"},\"potentialAction\":[{\"@type\":\"SearchAction\",\"target\":{\"@type\":\"EntryPoint\",\"urlTemplate\":\"https:\\\/\\\/www.fsegura.com\\\/hu\\\/?s={search_term_string}\"},\"query-input\":{\"@type\":\"PropertyValueSpecification\",\"valueRequired\":true,\"valueName\":\"search_term_string\"}}],\"inLanguage\":\"hu\"},{\"@type\":\"Organization\",\"@id\":\"https:\\\/\\\/www.fsegura.com\\\/hu\\\/#organization\",\"name\":\"Grupo Segura\",\"url\":\"https:\\\/\\\/www.fsegura.com\\\/hu\\\/\",\"logo\":{\"@type\":\"ImageObject\",\"inLanguage\":\"hu\",\"@id\":\"https:\\\/\\\/www.fsegura.com\\\/hu\\\/#\\\/schema\\\/logo\\\/image\\\/\",\"url\":\"https:\\\/\\\/www.fsegura.com\\\/wp-content\\\/uploads\\\/2025\\\/09\\\/grupo-segura.jpg\",\"contentUrl\":\"https:\\\/\\\/www.fsegura.com\\\/wp-content\\\/uploads\\\/2025\\\/09\\\/grupo-segura.jpg\",\"width\":458,\"height\":136,\"caption\":\"Grupo Segura\"},\"image\":{\"@id\":\"https:\\\/\\\/www.fsegura.com\\\/hu\\\/#\\\/schema\\\/logo\\\/image\\\/\"}}]}<\/script>\n<!-- \/ Yoast SEO plugin. -->","yoast_head_json":{"title":"Grupo Segura \u00e1ll\u00e1saj\u00e1nlat","robots":{"index":"index","follow":"follow","max-snippet":"max-snippet:-1","max-image-preview":"max-image-preview:large","max-video-preview":"max-video-preview:-1"},"canonical":"https:\/\/www.fsegura.com\/hu\/allasajanlat-sablon\/","og_locale":"hu_HU","og_type":"article","og_title":"Grupo Segura \u00e1ll\u00e1saj\u00e1nlat","og_description":"Munka a Grupo Segura-n\u00e1l \u00c1ll\u00e1saj\u00e1nlat neve Orsz\u00e1g C\u00e9g Segura Group (Paterna offices) T\u00edpus Teljes munkaid\u0151 Helysz\u00edn Paterna (Spanyolorsz\u00e1g) Tapasztalat +2 \u00e9v Alapvet\u0151 elv\u00e1r\u00e1s N\u00e9met nyelvtud\u00e1s Fizet\u00e9s 000.000 \u20ac\/\u00e9v WORD-T\u00cdPUS\u00da SZ\u00d6VEGSZERKESZT\u0150 \u00c1ll\u00e1saj\u00e1nlat Munkahelyi biztons\u00e1gi szak\u00e9rt\u0151 Tapasztalati \u00e9vek sz\u00e1ma Keresztn\u00e9v&nbsp;(*)&nbsp; Vezet\u00e9kn\u00e9v&nbsp;(*)&nbsp; E-mail c\u00edm&nbsp;(*)&nbsp; Telefonsz\u00e1m&nbsp;(*)&nbsp; \u00c1llampolg\u00e1rs\u00e1g&nbsp;(*)&nbsp; &#8212; V\u00e1lasszon &#8212;Spanyolorsz\u00e1gMagyarorsz\u00e1gEgy\u00e9b EGKEgy\u00e9b Eur\u00f3pa\u00c9szak-AmerikaK\u00f6z\u00e9p-AmerikaD\u00e9l-Amerika\u00c1zsiaAfrika\u00d3ce\u00e1nia Tart\u00f3zkod\u00e1si orsz\u00e1g&nbsp;(*)&nbsp; &#8212; V\u00e1lasszon &#8212;Spanyolorsz\u00e1gMagyarorsz\u00e1gEgy\u00e9b EGKEgy\u00e9b Eur\u00f3pa\u00c9szak-AmerikaK\u00f6z\u00e9p-AmerikaD\u00e9l-Amerika\u00c1zsiaAfrika\u00d3ce\u00e1nia [&hellip;]","og_url":"https:\/\/www.fsegura.com\/hu\/allasajanlat-sablon\/","og_site_name":"Grupo Segura","article_modified_time":"2026-02-09T14:46:16+00:00","og_image":[{"width":512,"height":512,"url":"https:\/\/www.fsegura.com\/wp-content\/uploads\/2025\/09\/cropped-favicon-grupo-segura.jpg","type":"image\/jpeg"}],"twitter_card":"summary_large_image","twitter_misc":{"Becs\u00fclt olvas\u00e1si id\u0151":"3 perc"},"schema":{"@context":"https:\/\/schema.org","@graph":[{"@type":"WebPage","@id":"https:\/\/www.fsegura.com\/hu\/allasajanlat-sablon\/","url":"https:\/\/www.fsegura.com\/hu\/allasajanlat-sablon\/","name":"Grupo Segura \u00e1ll\u00e1saj\u00e1nlat","isPartOf":{"@id":"https:\/\/www.fsegura.com\/hu\/#website"},"primaryImageOfPage":{"@id":"https:\/\/www.fsegura.com\/hu\/allasajanlat-sablon\/#primaryimage"},"image":{"@id":"https:\/\/www.fsegura.com\/hu\/allasajanlat-sablon\/#primaryimage"},"thumbnailUrl":"https:\/\/www.fsegura.com\/wp-content\/uploads\/2025\/09\/cropped-favicon-grupo-segura.jpg","datePublished":"2025-11-10T09:59:05+00:00","dateModified":"2026-02-09T14:46:16+00:00","breadcrumb":{"@id":"https:\/\/www.fsegura.com\/hu\/allasajanlat-sablon\/#breadcrumb"},"inLanguage":"hu","potentialAction":[{"@type":"ReadAction","target":["https:\/\/www.fsegura.com\/hu\/allasajanlat-sablon\/"]}]},{"@type":"ImageObject","inLanguage":"hu","@id":"https:\/\/www.fsegura.com\/hu\/allasajanlat-sablon\/#primaryimage","url":"https:\/\/www.fsegura.com\/wp-content\/uploads\/2025\/09\/cropped-favicon-grupo-segura.jpg","contentUrl":"https:\/\/www.fsegura.com\/wp-content\/uploads\/2025\/09\/cropped-favicon-grupo-segura.jpg","width":512,"height":512,"caption":"Grupo SEgura"},{"@type":"BreadcrumbList","@id":"https:\/\/www.fsegura.com\/hu\/allasajanlat-sablon\/#breadcrumb","itemListElement":[{"@type":"ListItem","position":1,"name":"Portada","item":"https:\/\/www.fsegura.com\/hu\/"},{"@type":"ListItem","position":2,"name":"Job offer &#8211; HTML template HU"}]},{"@type":"WebSite","@id":"https:\/\/www.fsegura.com\/hu\/#website","url":"https:\/\/www.fsegura.com\/hu\/","name":"Grupo Segura","description":"Partner global para componentes de la automoci\u00f3n","publisher":{"@id":"https:\/\/www.fsegura.com\/hu\/#organization"},"potentialAction":[{"@type":"SearchAction","target":{"@type":"EntryPoint","urlTemplate":"https:\/\/www.fsegura.com\/hu\/?s={search_term_string}"},"query-input":{"@type":"PropertyValueSpecification","valueRequired":true,"valueName":"search_term_string"}}],"inLanguage":"hu"},{"@type":"Organization","@id":"https:\/\/www.fsegura.com\/hu\/#organization","name":"Grupo Segura","url":"https:\/\/www.fsegura.com\/hu\/","logo":{"@type":"ImageObject","inLanguage":"hu","@id":"https:\/\/www.fsegura.com\/hu\/#\/schema\/logo\/image\/","url":"https:\/\/www.fsegura.com\/wp-content\/uploads\/2025\/09\/grupo-segura.jpg","contentUrl":"https:\/\/www.fsegura.com\/wp-content\/uploads\/2025\/09\/grupo-segura.jpg","width":458,"height":136,"caption":"Grupo Segura"},"image":{"@id":"https:\/\/www.fsegura.com\/hu\/#\/schema\/logo\/image\/"}}]}},"_links":{"self":[{"href":"https:\/\/www.fsegura.com\/hu\/wp-json\/wp\/v2\/pages\/9744","targetHints":{"allow":["GET"]}}],"collection":[{"href":"https:\/\/www.fsegura.com\/hu\/wp-json\/wp\/v2\/pages"}],"about":[{"href":"https:\/\/www.fsegura.com\/hu\/wp-json\/wp\/v2\/types\/page"}],"author":[{"embeddable":true,"href":"https:\/\/www.fsegura.com\/hu\/wp-json\/wp\/v2\/users\/1"}],"replies":[{"embeddable":true,"href":"https:\/\/www.fsegura.com\/hu\/wp-json\/wp\/v2\/comments?post=9744"}],"version-history":[{"count":0,"href":"https:\/\/www.fsegura.com\/hu\/wp-json\/wp\/v2\/pages\/9744\/revisions"}],"wp:featuredmedia":[{"embeddable":true,"href":"https:\/\/www.fsegura.com\/hu\/wp-json\/wp\/v2\/media\/9745"}],"wp:attachment":[{"href":"https:\/\/www.fsegura.com\/hu\/wp-json\/wp\/v2\/media?parent=9744"}],"curies":[{"name":"wp","href":"https:\/\/api.w.org\/{rel}","templated":true}]}}